{"id":1261,"date":"2020-07-29T18:43:37","date_gmt":"2020-07-29T16:43:37","guid":{"rendered":"http:\/\/icicestcool.org\/?page_id=1261"},"modified":"2021-03-24T16:29:29","modified_gmt":"2021-03-24T15:29:29","slug":"lannuaire-pays-de-la-loire","status":"publish","type":"page","link":"https:\/\/icicestcool.org\/index.php\/lannuaire-pays-de-la-loire\/","title":{"rendered":"L&rsquo;annuaire &#8211; Pays de la Loire"},"content":{"rendered":"\n<div class=\"wp-block-columns\">\n<div class=\"wp-block-column\" style=\"flex-basis:33.33%\">\n<style>\n\t#hotspot-1196 .hotspots-image-container,\n\t#hotspot-1196 .leaflet-container {\n\t\tbackground: #ffffff\t}\n\n\t#hotspot-1196 .hotspots-placeholder {\n\t\tbackground: #2E2D29;\n\t\tborder: 0 #2E2D29 solid;\n\t\tcolor: #DFEBE5;\n\t}\n\n\t#hotspot-1196 .hotspot-title {\n\t\tcolor: #000000;\n\t}\n\n\t\t\t#hotspot-1196 .hotspot-default {\n\t\t\tstroke-width: 2;\n\t\t\tfill: #ffffff;\n\t\t\tfill-opacity: 0;\n\t\t\tstroke: #ffffff;\n\t\t\tstroke-opacity: 0;\n\t\t}\n\t\t#hotspot-1196 .hotspot-default:hover,\n\t\t#hotspot-1196 .hotspot-default:focus,\n\t\t#hotspot-1196 .hotspot-default.hotspot-active {\n\t\t\tfill: #ffffff;\n\t\t\tfill-opacity: 0.71;\n\t\t\tstroke: #ffffff;\n\t\t\tstroke-opacity: 1.01;\n\t\t}\n\t\t#hotspot-1196 .leaflet-tooltip,\n\t#hotspot-1196 .leaflet-rrose-content-wrapper {\n\t\tbackground: #2E2D29;\n\t\tborder-color: #2E2D29;\n\t\tcolor: #DFEBE5;\n\t}\n\n\t#hotspot-1196 a.leaflet-rrose-close-button {\n\t\tcolor: #000000;\n\t}\n\n\t#hotspot-1196 .leaflet-rrose-tip {\n\t\tbackground: #2E2D29;\n\t}\n\n\t#hotspot-1196 .leaflet-popup-scrolled {\n\t\tborder-bottom-color: #DFEBE5;\n\t\tborder-top-color: #DFEBE5;\n\t}\n\n\t#hotspot-1196 .leaflet-tooltip-top:before {\n\t\tborder-top-color: #2E2D29;\n\t}\n\n\t#hotspot-1196 .leaflet-tooltip-bottom:before {\n\t\tborder-bottom-color: #2E2D29;\n\t}\n\t#hotspot-1196 .leaflet-tooltip-left:before {\n\t\tborder-left-color: #2E2D29;\n\t}\n\t#hotspot-1196 .leaflet-tooltip-right:before {\n\t\tborder-right-color: #2E2D29;\n\t}\n<\/style>\n\n\n\t<div class=\"hotspots-container links-only layout-left event-click\" id=\"hotspot-1196\" data-layout=\"left\" data-trigger=\"click\">\n\t\t<div class=\"hotspots-interaction\">\n\t\t\t<div class=\"hotspots-image-container\">\n\t<img\n\t\twidth=\"1000\"\n\t\theight=\"1000\"\n\t\tsrc=\"https:\/\/icicestcool.org\/wp-content\/uploads\/2020\/07\/carte-France.jpg\"\n\t\talt=\"France\"\n\t\tclass=\"hotspots-image skip-lazy\"\n\t\tusemap=\"#hotspots-image-1196\"\n\t\tdata-image-title=\"France\"\n\t\tdata-image-description=\"\"\n\t\tdata-event-trigger=\"click\"\n\t\tdata-always-visible=\"false\"\n\t\tdata-id=\"1196\"\n\t\tdata-no-lazy=\"1\"\n\t\tdata-lazy-src=\"\"\n\t\tdata-lazy=\"false\"\n\t\tloading=\"eager\"\n\t\tdata-skip-lazy=\"1\"\n\t\t>\n<\/div>\t\t<\/div>\n\t\t<map name=\"hotspots-image-1196\" class=\"hotspots-map\">\n\t\t\t\t\t\t\t\t\t\t\t<area\n\t\t\t\t\tshape=\"poly\"\n\t\t\t\t\tcoords=\"546,494,593,458,634,461,685,507,717,514,729,485,737,481,779,502,815,493,810,507,856,477,896,590,852,629,828,629,777,694,717,715,674,711,656,665,614,646,590,674,577,649,550,676,527,670,547,602,557,602,550,559,567,542,548,504\"\n\t\t\t\t\thref=\"http:\/\/icicestcool.org\/index.php\/lannuaire-auvergne-rhone-alpes\/\"\n\t\t\t\t\trel=\"\"\n\t\t\t\t\ttitle=\"Auvergne-Rh\u00f4ne-Alpes\"\n\t\t\t\t\talt=\"Auvergne-Rh\u00f4ne-Alpes\"\n\t\t\t\t\tdata-action=\"url\"\n\t\t\t\t\tdata-color-scheme=\"\"\n\t\t\t\t\ttarget=\"\"\n\t\t\t\t\tclass=\"url-area\"\n\t\t\t\t\t>\n\t\t\t\t\t\t\t\t\t\t\t<area\n\t\t\t\t\tshape=\"poly\"\n\t\t\t\t\tcoords=\"207,382,311,330,292,274,376,275,441,305,401,371,385,412,322,425,335,493,292,502,228,443,238,421,228,407,237,395,217,394,201,392\"\n\t\t\t\t\thref=\"http:\/\/icicestcool.org\/index.php\/lannuaire-pays-de-la-loire\/\"\n\t\t\t\t\trel=\"\"\n\t\t\t\t\ttitle=\"Pays de la Loire\"\n\t\t\t\t\talt=\"Pays de la Loire\"\n\t\t\t\t\tdata-action=\"url\"\n\t\t\t\t\tdata-color-scheme=\"\"\n\t\t\t\t\ttarget=\"\"\n\t\t\t\t\tclass=\"url-area\"\n\t\t\t\t\t>\n\t\t\t\t\t\t\t\t\t\t\t<area\n\t\t\t\t\tshape=\"poly\"\n\t\t\t\t\tcoords=\"564,12,572,36,632,72,636,89,669,87,669,123,671,133,661,183,622,241,603,221,509,212,509,137,477,109,487,98,494,34\"\n\t\t\t\t\thref=\"http:\/\/icicestcool.org\/index.php\/lannuaire-hauts-de-france\/\"\n\t\t\t\t\trel=\"\"\n\t\t\t\t\ttitle=\"Haut de France\"\n\t\t\t\t\talt=\"Haut de France\"\n\t\t\t\t\tdata-action=\"url\"\n\t\t\t\t\tdata-color-scheme=\"\"\n\t\t\t\t\ttarget=\"\"\n\t\t\t\t\tclass=\"url-area\"\n\t\t\t\t\t>\n\t\t\t\t\t\t\t\t\t\t\t<area\n\t\t\t\t\tshape=\"poly\"\n\t\t\t\t\tcoords=\"507,210,599,221,618,243,615,287,595,294,583,314,561,315,552,297,522,301,504,269,491,231\"\n\t\t\t\t\thref=\"http:\/\/icicestcool.org\/index.php\/lannuaire-ile-de-france\/\"\n\t\t\t\t\trel=\"\"\n\t\t\t\t\ttitle=\"Ile de France\"\n\t\t\t\t\talt=\"Ile de France\"\n\t\t\t\t\tdata-action=\"url\"\n\t\t\t\t\tdata-color-scheme=\"\"\n\t\t\t\t\ttarget=\"\"\n\t\t\t\t\tclass=\"url-area\"\n\t\t\t\t\t>\n\t\t\t\t\t\t\t\t\t\t\t<area\n\t\t\t\t\tshape=\"poly\"\n\t\t\t\t\tcoords=\"675,127,660,183,619,238,617,292,631,300,655,336,704,327,727,358,756,371,804,325,845,337,875,379,916,378,937,238,937,220,850,205,824,172,782,172,717,131,716,101,689,127\"\n\t\t\t\t\thref=\"http:\/\/icicestcool.org\/index.php\/lannuaire-grand-est\/\"\n\t\t\t\t\trel=\"\"\n\t\t\t\t\ttitle=\"Grand Est\"\n\t\t\t\t\talt=\"Grand Est\"\n\t\t\t\t\tdata-action=\"url\"\n\t\t\t\t\tdata-color-scheme=\"\"\n\t\t\t\t\ttarget=\"\"\n\t\t\t\t\tclass=\"url-area\"\n\t\t\t\t\t>\n\t\t\t\t\t\t\t\t\t\t\t<area\n\t\t\t\t\tshape=\"poly\"\n\t\t\t\t\tcoords=\"587,310,593,295,617,292,629,295,655,338,704,328,728,360,754,370,807,323,847,335,877,374,819,493,780,500,743,479,728,484,717,512,687,508,635,463,595,453\"\n\t\t\t\t\thref=\"http:\/\/icicestcool.org\/index.php\/lannuaire-bourgogne-franche-comte\/\"\n\t\t\t\t\trel=\"\"\n\t\t\t\t\ttitle=\"Bourgogne Franche Comt\u00e9\"\n\t\t\t\t\talt=\"Bourgogne Franche Comt\u00e9\"\n\t\t\t\t\tdata-action=\"url\"\n\t\t\t\t\tdata-color-scheme=\"\"\n\t\t\t\t\ttarget=\"\"\n\t\t\t\t\tclass=\"url-area\"\n\t\t\t\t\t>\n\t\t\t\t\t\t\t\t\t\t\t<area\n\t\t\t\t\tshape=\"poly\"\n\t\t\t\t\tcoords=\"716,711,726,739,680,803,819,845,935,721,862,627,830,628,774,699\"\n\t\t\t\t\thref=\"http:\/\/icicestcool.org\/index.php\/lannuaire-provence-alpes-cote-dazur\/\"\n\t\t\t\t\trel=\"\"\n\t\t\t\t\ttitle=\"Provence Alpes C\u00f4te d&#039;Azur\"\n\t\t\t\t\talt=\"Provence Alpes C\u00f4te d&#039;Azur\"\n\t\t\t\t\tdata-action=\"url\"\n\t\t\t\t\tdata-color-scheme=\"\"\n\t\t\t\t\ttarget=\"\"\n\t\t\t\t\tclass=\"url-area\"\n\t\t\t\t\t>\n\t\t\t\t\t\t\t\t\t\t\t<area\n\t\t\t\t\tshape=\"poly\"\n\t\t\t\t\tcoords=\"801,917,834,906,837,880,855,878,855,991,826,993\"\n\t\t\t\t\thref=\"http:\/\/icicestcool.org\/index.php\/lannuaire-corse\/\"\n\t\t\t\t\trel=\"\"\n\t\t\t\t\ttitle=\"Corse\"\n\t\t\t\t\talt=\"Corse\"\n\t\t\t\t\tdata-action=\"url\"\n\t\t\t\t\tdata-color-scheme=\"\"\n\t\t\t\t\ttarget=\"\"\n\t\t\t\t\tclass=\"url-area\"\n\t\t\t\t\t>\n\t\t\t\t\t\t\t\t\t\t\t<area\n\t\t\t\t\tshape=\"poly\"\n\t\t\t\t\tcoords=\"682,799,727,743,712,712,674,708,658,665,617,648,592,675,577,651,557,673,529,671,530,659,484,639,427,735,358,747,357,781,369,821,344,865,410,868,457,878,519,930,601,922,605,837,646,806\"\n\t\t\t\t\thref=\"http:\/\/icicestcool.org\/index.php\/lannuaire-occitanie\/\"\n\t\t\t\t\trel=\"\"\n\t\t\t\t\ttitle=\"Occitanie\"\n\t\t\t\t\talt=\"Occitanie\"\n\t\t\t\t\tdata-action=\"url\"\n\t\t\t\t\tdata-color-scheme=\"\"\n\t\t\t\t\ttarget=\"\"\n\t\t\t\t\tclass=\"url-area\"\n\t\t\t\t\t>\n\t\t\t\t\t\t\t\t\t\t\t<area\n\t\t\t\t\tshape=\"poly\"\n\t\t\t\t\tcoords=\"347,867,367,821,357,781,359,746,428,737,489,641,532,659,547,600,557,598,553,561,563,542,544,495,474,497,431,432,412,434,386,415,321,427,339,491,286,503,288,563,253,771,223,794\"\n\t\t\t\t\thref=\"http:\/\/icicestcool.org\/index.php\/lannuaire-nouvelle-aquitaine\/\"\n\t\t\t\t\trel=\"\"\n\t\t\t\t\ttitle=\"Nouvelle Aquitaine\"\n\t\t\t\t\talt=\"Nouvelle Aquitaine\"\n\t\t\t\t\tdata-action=\"url\"\n\t\t\t\t\tdata-color-scheme=\"\"\n\t\t\t\t\ttarget=\"\"\n\t\t\t\t\tclass=\"url-area\"\n\t\t\t\t\t>\n\t\t\t\t\t\t\t\t\t\t\t<area\n\t\t\t\t\tshape=\"poly\"\n\t\t\t\t\tcoords=\"187,789,1,791,19,989,255,991\"\n\t\t\t\t\thref=\"http:\/\/icicestcool.org\/index.php\/lannuaire-la-reunion\/\"\n\t\t\t\t\trel=\"\"\n\t\t\t\t\ttitle=\"La R\u00e9union\"\n\t\t\t\t\talt=\"La R\u00e9union\"\n\t\t\t\t\tdata-action=\"url\"\n\t\t\t\t\tdata-color-scheme=\"\"\n\t\t\t\t\ttarget=\"\"\n\t\t\t\t\tclass=\"url-area\"\n\t\t\t\t\t>\n\t\t\t\t\t\t\t\t\t\t\t<area\n\t\t\t\t\tshape=\"poly\"\n\t\t\t\t\tcoords=\"387,413,401,366,441,310,447,259,489,234,503,271,521,303,549,302,557,317,587,315,593,455,547,493,471,497,430,436,408,435\"\n\t\t\t\t\thref=\"http:\/\/icicestcool.org\/index.php\/lannuaire-centre-val-de-loire\/\"\n\t\t\t\t\trel=\"\"\n\t\t\t\t\ttitle=\"Centre Val de Loire\"\n\t\t\t\t\talt=\"Centre Val de Loire\"\n\t\t\t\t\tdata-action=\"url\"\n\t\t\t\t\tdata-color-scheme=\"\"\n\t\t\t\t\ttarget=\"\"\n\t\t\t\t\tclass=\"url-area\"\n\t\t\t\t\t>\n\t\t\t\t\t\t\t\t\t\t\t<area\n\t\t\t\t\tshape=\"poly\"\n\t\t\t\t\tcoords=\"208,381,314,330,284,253,183,218,57,247,54,309,86,339\"\n\t\t\t\t\thref=\"http:\/\/icicestcool.org\/index.php\/lannuaire-bretagne\/\"\n\t\t\t\t\trel=\"\"\n\t\t\t\t\ttitle=\"Bretagne\"\n\t\t\t\t\talt=\"Bretagne\"\n\t\t\t\t\tdata-action=\"url\"\n\t\t\t\t\tdata-color-scheme=\"\"\n\t\t\t\t\ttarget=\"\"\n\t\t\t\t\tclass=\"url-area\"\n\t\t\t\t\t>\n\t\t\t\t\t\t\t\t\t\t\t<area\n\t\t\t\t\tshape=\"poly\"\n\t\t\t\t\tcoords=\"282,247,296,274,375,271,437,302,448,263,490,236,507,206,507,138,477,112,427,121,389,167,369,187,327,180,311,141,254,146,278,199\"\n\t\t\t\t\thref=\"http:\/\/icicestcool.org\/index.php\/lannuaire-normandie\/\"\n\t\t\t\t\trel=\"\"\n\t\t\t\t\ttitle=\"Normandie\"\n\t\t\t\t\talt=\"Normandie\"\n\t\t\t\t\tdata-action=\"url\"\n\t\t\t\t\tdata-color-scheme=\"\"\n\t\t\t\t\ttarget=\"\"\n\t\t\t\t\tclass=\"url-area\"\n\t\t\t\t\t>\n\t\t\t\t\t<\/map>\n\n\t\t\n\t\t\t\t\t\t\t\t\t\t\t\t\t\t\t\t\t\t\t\t\t\t\t\t\t\t\t\t\t\t\t\t\t\t\t\t\t\t\t\t\t\t\t\t\t<\/div>\n\n\n<\/div>\n\n\n\n<div class=\"wp-block-column\" style=\"flex-basis:66.66%\">\n<h3>Le r\u00e9seau r\u00e9gional Musiques Actuelles<\/h3>\n\n\n<section id=\"mt-members\"><div class=\"grid grid-pad\"><div class=\"col-1-4 mt-column-clear\"><div class=\"member\"><img width=\"1465\" height=\"1465\" src=\"https:\/\/icicestcool.org\/wp-content\/uploads\/2020\/07\/PolePdl.jpg\" class=\"attachment-team-thumb size-team-thumb wp-post-image\" alt=\"\" loading=\"lazy\" srcset=\"https:\/\/icicestcool.org\/wp-content\/uploads\/2020\/07\/PolePdl.jpg 1465w, https:\/\/icicestcool.org\/wp-content\/uploads\/2020\/07\/PolePdl-300x300.jpg 300w, https:\/\/icicestcool.org\/wp-content\/uploads\/2020\/07\/PolePdl-1024x1024.jpg 1024w, https:\/\/icicestcool.org\/wp-content\/uploads\/2020\/07\/PolePdl-150x150.jpg 150w, https:\/\/icicestcool.org\/wp-content\/uploads\/2020\/07\/PolePdl-768x768.jpg 768w, https:\/\/icicestcool.org\/wp-content\/uploads\/2020\/07\/PolePdl-400x400.jpg 400w, https:\/\/icicestcool.org\/wp-content\/uploads\/2020\/07\/PolePdl-1080x1080.jpg 1080w\" sizes=\"(max-width: 1465px) 100vw, 1465px\" \/><h3>Le P\u00f4le<\/h3><p>Le P\u00f4le de coop\u00e9ration pour les musiques actuelles en Pays de la Loire\r\n6 rue St Domingue\r\n44200 Nantes\r\nTel. : 02 40 20 03 25\r\n<a href=\"mailto:contact@lepole.asso.fr\">contact@lepole.asso.fr<\/a>\r\n<a href=\"http:\/\/www.lepole.asso.fr\">www.lepole.asso.fr<\/a><\/p><\/div><\/div><\/div><\/section>\n\n\n\n<h3>Les relais en Pr\u00e9fectures<\/h3>\n\n\n<section id=\"mt-members\"><div class=\"grid grid-pad\"><div class=\"col-1-4 mt-column-clear\"><div class=\"member\"><img width=\"500\" height=\"500\" src=\"https:\/\/icicestcool.org\/wp-content\/uploads\/2020\/07\/Marianne.png\" class=\"attachment-team-thumb size-team-thumb wp-post-image\" alt=\"\" loading=\"lazy\" srcset=\"https:\/\/icicestcool.org\/wp-content\/uploads\/2020\/07\/Marianne.png 500w, https:\/\/icicestcool.org\/wp-content\/uploads\/2020\/07\/Marianne-300x300.png 300w, https:\/\/icicestcool.org\/wp-content\/uploads\/2020\/07\/Marianne-150x150.png 150w, https:\/\/icicestcool.org\/wp-content\/uploads\/2020\/07\/Marianne-400x400.png 400w\" sizes=\"(max-width: 500px) 100vw, 500px\" \/><h3>Pr\u00e9fecture Pays de la Loire<\/h3><p>Directrice r\u00e9gionale aux droits des femmes\r\nV\u00e9ronique TOMAS\r\n<a href=\"mailto:veronique.tomas@pays-de-la-loire.gouv.fr\">veronique.tomas@pays-de-la-loire.gouv.fr<\/a>\r\n02 40 08 64 67<\/p><\/div><\/div><div class=\"col-1-4 mt-column-clear\"><div class=\"member\"><img width=\"500\" height=\"500\" src=\"https:\/\/icicestcool.org\/wp-content\/uploads\/2020\/07\/Marianne.png\" class=\"attachment-team-thumb size-team-thumb wp-post-image\" alt=\"\" loading=\"lazy\" srcset=\"https:\/\/icicestcool.org\/wp-content\/uploads\/2020\/07\/Marianne.png 500w, https:\/\/icicestcool.org\/wp-content\/uploads\/2020\/07\/Marianne-300x300.png 300w, https:\/\/icicestcool.org\/wp-content\/uploads\/2020\/07\/Marianne-150x150.png 150w, https:\/\/icicestcool.org\/wp-content\/uploads\/2020\/07\/Marianne-400x400.png 400w\" sizes=\"(max-width: 500px) 100vw, 500px\" \/><h3>Pr\u00e9fecture Vend\u00e9e<\/h3><p>Direction des droits des femmes et de l\u2019\u00e9galit\u00e9\r\nD\u00e9l\u00e9gu\u00e9e d\u00e9partementale\r\nMme Patricia MENDOZA CERISUELO\r\nT\u00e9l.: 02 51 36 75 43\r\n<a href=\"mailto:patricia.mendozacerisuelo@vendee.gouv.fr\">patricia.mendozacerisuelo@vendee.gouv.fr<\/a>\r\nAdresse :\r\nDDCS\r\n29 rue Delille CS 20002\r\n85023 LA ROCHE SUR YON Cedex<\/p><\/div><\/div><div class=\"col-1-4 mt-column-clear\"><div class=\"member\"><img width=\"500\" height=\"500\" src=\"https:\/\/icicestcool.org\/wp-content\/uploads\/2020\/07\/Marianne.png\" class=\"attachment-team-thumb size-team-thumb wp-post-image\" alt=\"\" loading=\"lazy\" srcset=\"https:\/\/icicestcool.org\/wp-content\/uploads\/2020\/07\/Marianne.png 500w, https:\/\/icicestcool.org\/wp-content\/uploads\/2020\/07\/Marianne-300x300.png 300w, https:\/\/icicestcool.org\/wp-content\/uploads\/2020\/07\/Marianne-150x150.png 150w, https:\/\/icicestcool.org\/wp-content\/uploads\/2020\/07\/Marianne-400x400.png 400w\" sizes=\"(max-width: 500px) 100vw, 500px\" \/><h3>Pr\u00e9fecture Sarthe<\/h3><p>Direction des droits des femmes et de l\u2019\u00e9galit\u00e9\r\nD\u00e9l\u00e9gu\u00e9e d\u00e9partementale\r\nMme Brigitte GLON\r\nT\u00e9l.: 02 72 16 43 01\r\nCourriel : <a href=\"mailto:brigitte.glon@sarthe.gouv.fr\">brigitte.glon@sarthe.gouv.fr<\/a>\r\nAdresse et coordonn\u00e9es postales :\r\nDDCS\r\n16 boulevard Paixhans\r\nCS 51912\r\n72019 LE MANS Cedex 2<\/p><\/div><\/div><div class=\"col-1-4 mt-column-clear\"><div class=\"member\"><img width=\"500\" height=\"500\" src=\"https:\/\/icicestcool.org\/wp-content\/uploads\/2020\/07\/Marianne.png\" class=\"attachment-team-thumb size-team-thumb wp-post-image\" alt=\"\" loading=\"lazy\" srcset=\"https:\/\/icicestcool.org\/wp-content\/uploads\/2020\/07\/Marianne.png 500w, https:\/\/icicestcool.org\/wp-content\/uploads\/2020\/07\/Marianne-300x300.png 300w, https:\/\/icicestcool.org\/wp-content\/uploads\/2020\/07\/Marianne-150x150.png 150w, https:\/\/icicestcool.org\/wp-content\/uploads\/2020\/07\/Marianne-400x400.png 400w\" sizes=\"(max-width: 500px) 100vw, 500px\" \/><h3>Pr\u00e9fecture Mayenne<\/h3><p>Direction des droits des femmes et de l\u2019\u00e9galit\u00e9\r\nD\u00e9l\u00e9gu\u00e9e d\u00e9partementale\r\nMme St\u00e9phane LAURE\r\nT\u00e9l.: 02 43 49 32 42\r\nCourriel : <a href=\"mailto:stephane.laure@mayenne.gouv.fr\">stephane.laure@mayenne.gouv.fr<\/a>\r\nAdresse et coordonn\u00e9es postales :\r\nDDCSPP\r\n60 rue Mac Donald\r\nBP 93007\r\n53063 LAVAL Cedex 9<\/p><\/div><\/div><div class=\"col-1-4 mt-column-clear\"><div class=\"member\"><img width=\"500\" height=\"500\" src=\"https:\/\/icicestcool.org\/wp-content\/uploads\/2020\/07\/Marianne.png\" class=\"attachment-team-thumb size-team-thumb wp-post-image\" alt=\"\" loading=\"lazy\" srcset=\"https:\/\/icicestcool.org\/wp-content\/uploads\/2020\/07\/Marianne.png 500w, https:\/\/icicestcool.org\/wp-content\/uploads\/2020\/07\/Marianne-300x300.png 300w, https:\/\/icicestcool.org\/wp-content\/uploads\/2020\/07\/Marianne-150x150.png 150w, https:\/\/icicestcool.org\/wp-content\/uploads\/2020\/07\/Marianne-400x400.png 400w\" sizes=\"(max-width: 500px) 100vw, 500px\" \/><h3>Pr\u00e9fecture Maine et Loire<\/h3><p>Direction droits des femmes et \u00e0 l'\u00e9galit\u00e9\r\nd\u00e9l\u00e9gu\u00e9e d\u00e9partementale\r\nMme Laetitia GUILBAUD\r\nT\u00e9l. 02 41 72 47 26\r\nCourriel : <a href=\"mailto:laetitia.guilbaud@maine-et-loire.gouv.fr\">laetitia.guilbaud@maine-et-loire.gouv.fr<\/a>\r\nAdresse et coordonn\u00e9es postales :\r\nDDCS\r\n15bis rue Dupetit Thouars\r\n49047 ANGERS Cedex<\/p><\/div><\/div><div class=\"col-1-4 mt-column-clear\"><div class=\"member\"><img width=\"500\" height=\"500\" src=\"https:\/\/icicestcool.org\/wp-content\/uploads\/2020\/07\/Marianne.png\" class=\"attachment-team-thumb size-team-thumb wp-post-image\" alt=\"\" loading=\"lazy\" srcset=\"https:\/\/icicestcool.org\/wp-content\/uploads\/2020\/07\/Marianne.png 500w, https:\/\/icicestcool.org\/wp-content\/uploads\/2020\/07\/Marianne-300x300.png 300w, https:\/\/icicestcool.org\/wp-content\/uploads\/2020\/07\/Marianne-150x150.png 150w, https:\/\/icicestcool.org\/wp-content\/uploads\/2020\/07\/Marianne-400x400.png 400w\" sizes=\"(max-width: 500px) 100vw, 500px\" \/><h3>Pr\u00e9fecture Loire Atlantique<\/h3><p>Mme Val\u00e9rie RICHAUD-TAUSSAC,\r\nD\u00e9l\u00e9gu\u00e9e d\u00e9partementale de Loire-Atlantique\r\nDirection des droits des femmes et de l\u2019\u00e9galit\u00e9\r\nT\u00e9l.: 02 40 08 64 24\r\nCourriel : <a href=\"mailto:valerie.richaud-taussac@pays-de-la-loire.gouv.fr\">valerie.richaud-taussac@pays-de-la-loire.gouv.fr <\/a><\/p><\/div><\/div><\/div><\/section>\n\n\n\n<h3>Lutte contre le sexisme<\/h3>\n\n\n<section id=\"mt-members\"><div class=\"grid grid-pad\"><div class=\"col-1-4 mt-column-clear\"><div class=\"member\"><img width=\"480\" height=\"480\" src=\"https:\/\/icicestcool.org\/wp-content\/uploads\/2022\/02\/logo_regalons_nous.jpg\" class=\"attachment-team-thumb size-team-thumb wp-post-image\" alt=\"\" loading=\"lazy\" srcset=\"https:\/\/icicestcool.org\/wp-content\/uploads\/2022\/02\/logo_regalons_nous.jpg 480w, https:\/\/icicestcool.org\/wp-content\/uploads\/2022\/02\/logo_regalons_nous-300x300.jpg 300w, https:\/\/icicestcool.org\/wp-content\/uploads\/2022\/02\/logo_regalons_nous-150x150.jpg 150w, https:\/\/icicestcool.org\/wp-content\/uploads\/2022\/02\/logo_regalons_nous-400x400.jpg 400w\" sizes=\"(max-width: 480px) 100vw, 480px\" \/><h3>Collectif R\u00e9galons-Nous (Nantes)<\/h3><p>\u00c9ducation Populaire F\u00e9ministe\r\n<a href=\"http:\/\/www.regalons-nous.fr\">www.regalons-nous.fr<\/a>\r\nCharlotte : charlotte@rEGALons-nous.fr\/ 06.85.01.15.32<\/p><\/div><\/div><div class=\"col-1-4 mt-column-clear\"><div class=\"member\"><img width=\"650\" height=\"555\" src=\"https:\/\/icicestcool.org\/wp-content\/uploads\/2020\/08\/noustoutes.jpg\" class=\"attachment-team-thumb size-team-thumb wp-post-image\" alt=\"\" loading=\"lazy\" srcset=\"https:\/\/icicestcool.org\/wp-content\/uploads\/2020\/08\/noustoutes.jpg 650w, https:\/\/icicestcool.org\/wp-content\/uploads\/2020\/08\/noustoutes-300x256.jpg 300w, https:\/\/icicestcool.org\/wp-content\/uploads\/2020\/08\/noustoutes-400x342.jpg 400w\" sizes=\"(max-width: 650px) 100vw, 650px\" \/><h3>Nous toutes<\/h3><p><span style=\"font-weight: 400;\">Mouvement de lutte contre les violences sexistes et sexuelles<\/span>\r\n<span style=\"font-weight: 400;\"><a href=\"https:\/\/www.google.com\/maps\/d\/viewer?mid=1sVkDtK8YKDpa-EI6zW1xYD8k0TWBS95F&amp;ll=43.77576175530449%2C-1.5408058000000437&amp;z=6\">Retrouvez les d\u00e9l\u00e9gations locales de votre r\u00e9gion<\/a> <\/span>\r\n\r\n<a href=\"http:\/\/noustoutes.org\">noustoutes.org<\/a><\/p><\/div><\/div><div class=\"col-1-4 mt-column-clear\"><div class=\"member\"><img width=\"512\" height=\"512\" src=\"https:\/\/icicestcool.org\/wp-content\/uploads\/2020\/08\/planning.jpg\" class=\"attachment-team-thumb size-team-thumb wp-post-image\" alt=\"\" loading=\"lazy\" srcset=\"https:\/\/icicestcool.org\/wp-content\/uploads\/2020\/08\/planning.jpg 512w, https:\/\/icicestcool.org\/wp-content\/uploads\/2020\/08\/planning-300x300.jpg 300w, https:\/\/icicestcool.org\/wp-content\/uploads\/2020\/08\/planning-150x150.jpg 150w, https:\/\/icicestcool.org\/wp-content\/uploads\/2020\/08\/planning-400x400.jpg 400w\" sizes=\"(max-width: 512px) 100vw, 512px\" \/><h3>Planning Familial\u00a0<\/h3><p><span style=\"font-weight: 400;\">Le Planning Familial milite pour le droit \u00e0 l'\u00e9ducation \u00e0 la sexualit\u00e9, \u00e0 la contraception, \u00e0 l'avortement, \u00e0 l'\u00e9galit\u00e9 femmes - hommes et combat toutes formes de violences et de discriminations.<\/span>\r\n\r\n<span style=\"font-weight: 400;\">Retrouvez <\/span><span style=\"font-weight: 400;\">les d\u00e9l\u00e9gations d\u00e9partementales du Planning de votre r\u00e9gion <a href=\"https:\/\/www.planning-familial.org\/fr\/recherche\">https:\/\/www.planning-familial.org\/fr\/recherche<\/a><\/span><\/p><\/div><\/div><div class=\"col-1-4 mt-column-clear\"><div class=\"member\"><img width=\"500\" height=\"500\" src=\"https:\/\/icicestcool.org\/wp-content\/uploads\/2020\/07\/CIDFF.jpg\" class=\"attachment-team-thumb size-team-thumb wp-post-image\" alt=\"\" loading=\"lazy\" srcset=\"https:\/\/icicestcool.org\/wp-content\/uploads\/2020\/07\/CIDFF.jpg 500w, https:\/\/icicestcool.org\/wp-content\/uploads\/2020\/07\/CIDFF-300x300.jpg 300w, https:\/\/icicestcool.org\/wp-content\/uploads\/2020\/07\/CIDFF-150x150.jpg 150w, https:\/\/icicestcool.org\/wp-content\/uploads\/2020\/07\/CIDFF-400x400.jpg 400w\" sizes=\"(max-width: 500px) 100vw, 500px\" \/><h3>CIDFF Loire Atlantique Nantes<\/h3><p>T\u00e9l : 02 40 48 13 83\r\nCourriel : <a href=\"mailto:cidffnantes@orange.fr\">cidffnantes@orange.fr<\/a>\r\nSite web : <a href=\"http:\/\/loireatlantique-nantes.cidff.info\">http:\/\/loireatlantique-nantes.cidff.info<\/a><\/p><\/div><\/div><div class=\"col-1-4 mt-column-clear\"><div class=\"member\"><img width=\"500\" height=\"500\" src=\"https:\/\/icicestcool.org\/wp-content\/uploads\/2020\/07\/CIDFF.jpg\" class=\"attachment-team-thumb size-team-thumb wp-post-image\" alt=\"\" loading=\"lazy\" srcset=\"https:\/\/icicestcool.org\/wp-content\/uploads\/2020\/07\/CIDFF.jpg 500w, https:\/\/icicestcool.org\/wp-content\/uploads\/2020\/07\/CIDFF-300x300.jpg 300w, https:\/\/icicestcool.org\/wp-content\/uploads\/2020\/07\/CIDFF-150x150.jpg 150w, https:\/\/icicestcool.org\/wp-content\/uploads\/2020\/07\/CIDFF-400x400.jpg 400w\" sizes=\"(max-width: 500px) 100vw, 500px\" \/><h3>CIDFF Loire Atlantique St Nazaire<\/h3><p>T\u00e9l : 02 40 66 53 08\r\nCourriel : <a href=\"mailto:cidffnazairien44@orange.fr\">cidffnazairien44@orange.fr<\/a>\r\nSite web : <a href=\"http:\/\/www.paysdelaloire-fr.cidff.info\">http:\/\/www.paysdelaloire-fr.cidff.info<\/a><\/p><\/div><\/div><div class=\"col-1-4 mt-column-clear\"><div class=\"member\"><img width=\"500\" height=\"500\" src=\"https:\/\/icicestcool.org\/wp-content\/uploads\/2020\/07\/CIDFF.jpg\" class=\"attachment-team-thumb size-team-thumb wp-post-image\" alt=\"\" loading=\"lazy\" srcset=\"https:\/\/icicestcool.org\/wp-content\/uploads\/2020\/07\/CIDFF.jpg 500w, https:\/\/icicestcool.org\/wp-content\/uploads\/2020\/07\/CIDFF-300x300.jpg 300w, https:\/\/icicestcool.org\/wp-content\/uploads\/2020\/07\/CIDFF-150x150.jpg 150w, https:\/\/icicestcool.org\/wp-content\/uploads\/2020\/07\/CIDFF-400x400.jpg 400w\" sizes=\"(max-width: 500px) 100vw, 500px\" \/><h3>CIDFF Maine et Loire<\/h3><p>T\u00e9l : 02 41 86 18 04\r\nCourriel : <a href=\"mailto:cidff49@orange.fr\">cidff49@orange.fr<\/a>\r\nSite web : <a href=\"http:\/\/www.infofemmes.com\">http:\/\/www.infofemmes.com<\/a><\/p><\/div><\/div><div class=\"col-1-4 mt-column-clear\"><div class=\"member\"><img width=\"500\" height=\"500\" src=\"https:\/\/icicestcool.org\/wp-content\/uploads\/2020\/07\/CIDFF.jpg\" class=\"attachment-team-thumb size-team-thumb wp-post-image\" alt=\"\" loading=\"lazy\" srcset=\"https:\/\/icicestcool.org\/wp-content\/uploads\/2020\/07\/CIDFF.jpg 500w, https:\/\/icicestcool.org\/wp-content\/uploads\/2020\/07\/CIDFF-300x300.jpg 300w, https:\/\/icicestcool.org\/wp-content\/uploads\/2020\/07\/CIDFF-150x150.jpg 150w, https:\/\/icicestcool.org\/wp-content\/uploads\/2020\/07\/CIDFF-400x400.jpg 400w\" sizes=\"(max-width: 500px) 100vw, 500px\" \/><h3>CIDFF Mayenne<\/h3><p>T\u00e9l : 02 43 56 99 29\r\nCourriel : <a href=\"mailto:cidffmayenne@gmail.com\">cidffmayenne@gmail.com<\/a>\r\nSite web : <a href=\"http:\/\/www.paysdelaloire-fr.cidff.info\">http:\/\/www.paysdelaloire-fr.cidff.info<\/a><\/p><\/div><\/div><div class=\"col-1-4 mt-column-clear\"><div class=\"member\"><img width=\"500\" height=\"500\" src=\"https:\/\/icicestcool.org\/wp-content\/uploads\/2020\/07\/CIDFF.jpg\" class=\"attachment-team-thumb size-team-thumb wp-post-image\" alt=\"\" loading=\"lazy\" srcset=\"https:\/\/icicestcool.org\/wp-content\/uploads\/2020\/07\/CIDFF.jpg 500w, https:\/\/icicestcool.org\/wp-content\/uploads\/2020\/07\/CIDFF-300x300.jpg 300w, https:\/\/icicestcool.org\/wp-content\/uploads\/2020\/07\/CIDFF-150x150.jpg 150w, https:\/\/icicestcool.org\/wp-content\/uploads\/2020\/07\/CIDFF-400x400.jpg 400w\" sizes=\"(max-width: 500px) 100vw, 500px\" \/><h3>CIDFF Sarthe<\/h3><p>T\u00e9l : 02 43 54 10 37\r\nCourriel : <a href=\"mailto:cidff72@orange.fr\">cidff72@orange.fr<\/a>\r\nSite web : <a href=\"http:\/\/www.infofemmes.com\">www.infofemmes.com<\/a><\/p><\/div><\/div><div class=\"col-1-4 mt-column-clear\"><div class=\"member\"><img width=\"500\" height=\"500\" src=\"https:\/\/icicestcool.org\/wp-content\/uploads\/2020\/07\/CIDFF.jpg\" class=\"attachment-team-thumb size-team-thumb wp-post-image\" alt=\"\" loading=\"lazy\" srcset=\"https:\/\/icicestcool.org\/wp-content\/uploads\/2020\/07\/CIDFF.jpg 500w, https:\/\/icicestcool.org\/wp-content\/uploads\/2020\/07\/CIDFF-300x300.jpg 300w, https:\/\/icicestcool.org\/wp-content\/uploads\/2020\/07\/CIDFF-150x150.jpg 150w, https:\/\/icicestcool.org\/wp-content\/uploads\/2020\/07\/CIDFF-400x400.jpg 400w\" sizes=\"(max-width: 500px) 100vw, 500px\" \/><h3>CIDFF Vend\u00e9e<\/h3><p>T\u00e9l : 02 51 08 84 84\r\nCourriel : <a href=\"mailto:cidff85@orange.fr\">cidff85@orange.fr<\/a>\r\nSite web : <a href=\"http:\/\/www.paysdelaloire-ur.cidff.info\">www.paysdelaloire-ur.cidff.info<\/a><\/p><\/div><\/div><\/div><\/section>\n\n\n\n<h3>Lutte contre le racisme<\/h3>\n\n\n<section id=\"mt-members\"><div class=\"grid grid-pad\"><\/div><\/section>\n\n\n\n<h3>Lutte contre l&rsquo;homophobie et la lesbophobie<\/h3>\n\n\n<section id=\"mt-members\"><div class=\"grid grid-pad\"><div class=\"col-1-4 mt-column-clear\"><div class=\"member\"><img width=\"500\" height=\"500\" src=\"https:\/\/icicestcool.org\/wp-content\/uploads\/2020\/07\/SOSHomophobie.jpg\" class=\"attachment-team-thumb size-team-thumb wp-post-image\" alt=\"\" loading=\"lazy\" srcset=\"https:\/\/icicestcool.org\/wp-content\/uploads\/2020\/07\/SOSHomophobie.jpg 500w, https:\/\/icicestcool.org\/wp-content\/uploads\/2020\/07\/SOSHomophobie-300x300.jpg 300w, https:\/\/icicestcool.org\/wp-content\/uploads\/2020\/07\/SOSHomophobie-150x150.jpg 150w, https:\/\/icicestcool.org\/wp-content\/uploads\/2020\/07\/SOSHomophobie-400x400.jpg 400w\" sizes=\"(max-width: 500px) 100vw, 500px\" \/><h3>SOS Homophobie Pays de la Loire<\/h3><p>Association nationale de lutte contre la lesbophobie, la gayphobie, la biphobie et la transphobie\r\n<a href=\"mailto:sos-paysdelaloire@sos-homophobie.org\">sos-paysdelaloire@sos-homophobie.org<\/a><\/p><\/div><\/div><\/div><\/section>\n\n\n\n<h3>Les structures de R\u00e9duction des Risques en milieu Festif<\/h3>\n\n\n<section id=\"mt-members\"><div class=\"grid grid-pad\"><div class=\"col-1-4 mt-column-clear\"><div class=\"member\"><img width=\"500\" height=\"500\" src=\"https:\/\/icicestcool.org\/wp-content\/uploads\/2020\/07\/avenirSante.jpg\" class=\"attachment-team-thumb size-team-thumb wp-post-image\" alt=\"\" loading=\"lazy\" srcset=\"https:\/\/icicestcool.org\/wp-content\/uploads\/2020\/07\/avenirSante.jpg 500w, https:\/\/icicestcool.org\/wp-content\/uploads\/2020\/07\/avenirSante-300x300.jpg 300w, https:\/\/icicestcool.org\/wp-content\/uploads\/2020\/07\/avenirSante-150x150.jpg 150w, https:\/\/icicestcool.org\/wp-content\/uploads\/2020\/07\/avenirSante-400x400.jpg 400w\" sizes=\"(max-width: 500px) 100vw, 500px\" \/><h3>Avenir Sant\u00e9 Angers<\/h3><p><span style=\"font-weight: 400;\">Association de pr\u00e9vention pour la sant\u00e9 des jeunes (12-25 ans) :\u00a0 sexualit\u00e9, addictions et risques auditifs.<\/span>\r\n15-17 rue de J\u00e9rusalem\r\n49100 Angers\r\n09 81 36 32 16\r\n<a href=\"mailto:paysdelaloire@avenir-sante.com\">paysdelaloire@avenir-sante.com<\/a><\/p><\/div><\/div><div class=\"col-1-4 mt-column-clear\"><div class=\"member\"><img width=\"500\" height=\"500\" src=\"https:\/\/icicestcool.org\/wp-content\/uploads\/2020\/07\/avenirSante.jpg\" class=\"attachment-team-thumb size-team-thumb wp-post-image\" alt=\"\" loading=\"lazy\" srcset=\"https:\/\/icicestcool.org\/wp-content\/uploads\/2020\/07\/avenirSante.jpg 500w, https:\/\/icicestcool.org\/wp-content\/uploads\/2020\/07\/avenirSante-300x300.jpg 300w, https:\/\/icicestcool.org\/wp-content\/uploads\/2020\/07\/avenirSante-150x150.jpg 150w, https:\/\/icicestcool.org\/wp-content\/uploads\/2020\/07\/avenirSante-400x400.jpg 400w\" sizes=\"(max-width: 500px) 100vw, 500px\" \/><h3>Avenir Sant\u00e9 Nantes<\/h3><p>Association de pr\u00e9vention pour la sant\u00e9 des jeunes (12-25 ans) : sexualit\u00e9, addictions et risques auditifs.\r\nNantes :\r\n4 Place du Commerce\r\n44 000 Nantes\r\n09 80 79 08 67<\/p><\/div><\/div><\/div><\/section>\n<\/div>\n<\/div>\n","protected":false},"excerpt":{"rendered":"<p>Le r\u00e9seau r\u00e9gional Musiques Actuelles Les relais en Pr\u00e9fectures Lutte contre le sexisme Lutte contre le racisme Lutte contre l&rsquo;homophobie et la lesbophobie Les structures de R\u00e9duction des Risques en milieu Festif<\/p>\n","protected":false},"author":1,"featured_media":0,"parent":0,"menu_order":0,"comment_status":"closed","ping_status":"closed","template":"","meta":[],"_links":{"self":[{"href":"https:\/\/icicestcool.org\/index.php\/wp-json\/wp\/v2\/pages\/1261"}],"collection":[{"href":"https:\/\/icicestcool.org\/index.php\/wp-json\/wp\/v2\/pages"}],"about":[{"href":"https:\/\/icicestcool.org\/index.php\/wp-json\/wp\/v2\/types\/page"}],"author":[{"embeddable":true,"href":"https:\/\/icicestcool.org\/index.php\/wp-json\/wp\/v2\/users\/1"}],"replies":[{"embeddable":true,"href":"https:\/\/icicestcool.org\/index.php\/wp-json\/wp\/v2\/comments?post=1261"}],"version-history":[{"count":15,"href":"https:\/\/icicestcool.org\/index.php\/wp-json\/wp\/v2\/pages\/1261\/revisions"}],"predecessor-version":[{"id":2209,"href":"https:\/\/icicestcool.org\/index.php\/wp-json\/wp\/v2\/pages\/1261\/revisions\/2209"}],"wp:attachment":[{"href":"https:\/\/icicestcool.org\/index.php\/wp-json\/wp\/v2\/media?parent=1261"}],"curies":[{"name":"wp","href":"https:\/\/api.w.org\/{rel}","templated":true}]}}